{"id":340,"date":"2025-04-16T11:42:57","date_gmt":"2025-04-16T09:42:57","guid":{"rendered":"https:\/\/fcsolutions.ch\/?page_id=340"},"modified":"2025-05-30T11:45:09","modified_gmt":"2025-05-30T09:45:09","slug":"nlpd","status":"publish","type":"page","link":"https:\/\/fcsolutions.ch\/de\/nlpd\/","title":{"rendered":"Schutz von pers\u00f6nlichen Daten"},"content":{"rendered":"<div data-elementor-type=\"wp-page\" data-elementor-id=\"340\" class=\"elementor elementor-340\" data-elementor-post-type=\"page\">\n\t\t\t\t<div class=\"elementor-element elementor-element-6e51a97 e-flex e-con-boxed e-con e-parent\" data-id=\"6e51a97\" data-element_type=\"container\" data-e-type=\"container\" data-settings=\"{&quot;background_background&quot;:&quot;classic&quot;}\">\n\t\t\t\t\t<div class=\"e-con-inner\">\n\t\t<div class=\"elementor-element elementor-element-39edf1e e-con-full e-flex e-con e-child\" data-id=\"39edf1e\" data-element_type=\"container\" data-e-type=\"container\">\n\t\t<div class=\"elementor-element elementor-element-4677243 e-con-full e-flex e-con e-child\" data-id=\"4677243\" data-element_type=\"container\" data-e-type=\"container\">\n\t\t\t\t<div class=\"elementor-element elementor-element-ab080ee elementor-widget elementor-widget-heading\" data-id=\"ab080ee\" data-element_type=\"widget\" data-e-type=\"widget\" data-widget_type=\"heading.default\">\n\t\t\t\t<div class=\"elementor-widget-container\">\n\t\t\t\t\t<h1 class=\"elementor-heading-title elementor-size-default\">Schutz von pers\u00f6nlichen Daten<\/h1>\t\t\t\t<\/div>\n\t\t\t\t<\/div>\n\t\t\t\t<\/div>\n\t\t\t\t<div class=\"elementor-element elementor-element-ae74956 elementor-widget elementor-widget-button\" data-id=\"ae74956\" data-element_type=\"widget\" data-e-type=\"widget\" data-widget_type=\"button.default\">\n\t\t\t\t<div class=\"elementor-widget-container\">\n\t\t\t\t\t\t\t\t\t<div class=\"elementor-button-wrapper\">\n\t\t\t\t\t<a class=\"elementor-button elementor-button-link elementor-size-sm\" href=\"https:\/\/fcsolutions.ch\/de\/contact\/\">\n\t\t\t\t\t\t<span class=\"elementor-button-content-wrapper\">\n\t\t\t\t\t\t\t\t\t<span class=\"elementor-button-text\">Kontaktieren Sie uns<\/span>\n\t\t\t\t\t<\/span>\n\t\t\t\t\t<\/a>\n\t\t\t\t<\/div>\n\t\t\t\t\t\t\t\t<\/div>\n\t\t\t\t<\/div>\n\t\t\t\t<\/div>\n\t\t<div class=\"elementor-element elementor-element-ad854b6 e-con-full e-flex e-con e-child\" data-id=\"ad854b6\" data-element_type=\"container\" data-e-type=\"container\">\n\t\t\t\t<\/div>\n\t\t\t\t\t<\/div>\n\t\t\t\t<\/div>\n\t\t<div class=\"elementor-element elementor-element-f04db3b e-flex e-con-boxed e-con e-parent\" data-id=\"f04db3b\" data-element_type=\"container\" data-e-type=\"container\" data-settings=\"{&quot;background_background&quot;:&quot;classic&quot;}\">\n\t\t\t\t\t<div class=\"e-con-inner\">\n\t\t\t\t<div class=\"elementor-element elementor-element-419b2c6 elementor-widget elementor-widget-text-editor\" data-id=\"419b2c6\" data-element_type=\"widget\" data-e-type=\"widget\" data-widget_type=\"text-editor.default\">\n\t\t\t\t<div class=\"elementor-widget-container\">\n\t\t\t\t\t\t\t\t\t<p>Die Schweizer Vorschriften zum Schutz personenbezogener Daten befinden sich in einer wichtigen Entwicklung, die in der Allgemeinen Verordnung zum Neuen Datenschutzgesetz \"nDSG\" vom 1. September 2023 ihren Niederschlag gefunden hat.<\/p>\n\n<p>Unser Unternehmen ist bestrebt, die Vorschriften einzuhalten, die die Beziehungen zu unseren Schweizer Kunden verbessern k\u00f6nnen, hat sich an die Vorschriften gehalten und dr\u00fcckt in dieser Charta sein Engagement f\u00fcr die Qualit\u00e4t der Dienstleistungen f\u00fcr unsere Kunden aus, unabh\u00e4ngig davon, ob sie <strong>Privatpersonen<\/strong> oder <strong>Berufst\u00e4tige<\/strong>.<\/p>\n\n<p>Diese neue Verordnung, die Schweizer B\u00fcrger betrifft, die nicht berufst\u00e4tig sind und daher als \"Privatpersonen\" gelten, verst\u00e4rkt die Kontrolle des B\u00fcrgers selbst \u00fcber die Verwendung seiner Daten. Die Verordnung gilt f\u00fcr alle automatisierten oder nicht automatisierten Verarbeitungen personenbezogener Daten, unabh\u00e4ngig davon, ob diese Daten in einer Datei enthalten sind oder gespeichert werden sollen.<\/p>\n\n<h2>Was sind personenbezogene Daten f\u00fcr eine Einzelperson?<\/h2>\n<p>Per Definition sind personenbezogene Daten : <strong>\"Alle Informationen, die sich auf eine nat\u00fcrliche Person beziehen, die direkt (Name, Vorname) oder indirekt (durch eine Kennung, oder Kundennummer, Telefonnummer...) identifiziert wird.\"<\/strong> Die Identifizierung einer nat\u00fcrlichen Person kann anhand eines einzelnen Datensatzes (ABS-Nummer, SS) oder durch die Kreuzung einer Reihe von Daten erfolgen.<\/p>\n\n<h2>Was d\u00fcrfen wir an pers\u00f6nlichen Daten sammeln?<\/h2>\n<p>Wir erheben nur angemessene und relevante Daten, die strikt auf die Erbringung der von Ihnen bestellten Leistung beschr\u00e4nkt sind, und mit Ihrer Zustimmung auch Daten, die sich auf unsere Marketing- und Werbeaktionen beziehen.<\/p>\n\n<h2>Warum m\u00fcssen wir Ihre personenbezogenen Daten erheben und verarbeiten?<\/h2>\n<p>Ihre personenbezogenen Daten werden erhoben und verarbeitet, damit wir die von Ihnen bestellte Leistung abschlie\u00dfen, verwalten, \u00e4ndern und ausf\u00fchren k\u00f6nnen und Sie mit Ihrer Zustimmung \u00fcber Dienstleistungen und Produkte informieren k\u00f6nnen, die Sie in Anspruch nehmen k\u00f6nnen bei <strong>FC L\u00f6sungen<\/strong>.<\/p>\n\n<h2>An wen werden Ihre pers\u00f6nlichen Daten weitergegeben?<\/h2>\n<p>Ihre pers\u00f6nlichen Daten sind f\u00fcr die Mitarbeiter von <strong>FC L\u00f6sungen<\/strong> je nach ihrer Funktion und an einige unserer Subunternehmer. Alle unsere Mitarbeiter sind geschult und halten sich an die nLPD. Unsere Subunternehmer halten sich ebenfalls an die Anforderungen der nLPD, um die ordnungsgem\u00e4\u00dfe Erbringung der beauftragten Leistung zu gew\u00e4hrleisten. Keine der gesammelten Daten werden an Dritte, die keine anerkannten Subunternehmer sind, weitergegeben oder verkauft. Die Daten werden ausschlie\u00dflich in der Schweiz und in Europa gehostet.<\/p>\n\n<h2>Wie lange speichern wir Ihre pers\u00f6nlichen Daten?<\/h2>\n<p>Personenbezogene Daten, die im Rahmen einer bestellten Leistung, eines Gesch\u00e4ftskontakts oder einer Verkaufsabwicklung erhoben und verarbeitet werden, werden gem\u00e4\u00df den gesetzlichen Verj\u00e4hrungsfristen aufbewahrt, die je nach Art des Vertrags festgelegt werden und den Schweizer Vorschriften entsprechen, d. h. <strong>10 Jahre<\/strong>. Im Rahmen der kommerziellen Werbung werden die pers\u00f6nlichen Daten gespeichert <strong>2 Jahre<\/strong> ab dem Zeitpunkt ihrer Erhebung oder des letzten Kontakts mit der betroffenen Person. Die Daten werden anschlie\u00dfend anonymisiert, um die Grundlage f\u00fcr statistische Studien des Unternehmens zu erhalten.<\/p>\n\n<h2>Welche Sicherheitsma\u00dfnahmen werden zum Schutz Ihrer Daten ergriffen?<\/h2>\n<p>Gem\u00e4\u00df den geltenden allgemeinen Vorschriften zum Schutz personenbezogener Daten haben Sie verschiedene Rechte, n\u00e4mlich:<\/p>\n<ul>\n  <li><strong>Recht auf Zugang<\/strong> : Sie k\u00f6nnen Informationen \u00fcber die Verarbeitung Ihrer personenbezogenen Daten sowie eine Kopie dieser personenbezogenen Daten erhalten.<\/li>\n  <li><strong>Recht auf Berichtigung<\/strong> : Wenn Sie der Meinung sind, dass Ihre personenbezogenen Daten unrichtig oder unvollst\u00e4ndig sind, k\u00f6nnen Sie verlangen, dass diese personenbezogenen Daten entsprechend ge\u00e4ndert werden.<\/li>\n  <li><strong>Recht auf L\u00f6schung<\/strong> : Sie k\u00f6nnen die L\u00f6schung Ihrer pers\u00f6nlichen Daten im Rahmen des gesetzlich Zul\u00e4ssigen verlangen.<\/li>\n  <li><strong>Recht auf Einschr\u00e4nkung der Verarbeitung<\/strong> : Sie k\u00f6nnen die Einschr\u00e4nkung der Verarbeitung Ihrer personenbezogenen Daten verlangen.<\/li>\n  <li><strong>Recht auf Widerspruch<\/strong> Sie k\u00f6nnen der Verarbeitung Ihrer personenbezogenen Daten aus Gr\u00fcnden, die sich aus Ihrer besonderen Situation ergeben, widersprechen. Sie haben das absolute Recht, sich der Verarbeitung Ihrer personenbezogenen Daten zum Zwecke der kommerziellen Werbung, einschlie\u00dflich des damit verbundenen Profiling, zu widersetzen.<\/li>\n  <li><strong>Recht auf Festlegung von Richtlinien<\/strong> \u00fcber die Aufbewahrung, L\u00f6schung oder Weitergabe Ihrer personenbezogenen Daten, die nach Ihrem Tod gelten.<\/li>\n  <li><strong>Recht, Ihre Zustimmung zu widerrufen<\/strong> : Wenn Sie der Verarbeitung Ihrer personenbezogenen Daten zugestimmt haben, haben Sie das Recht, Ihre Zustimmung jederzeit zu widerrufen.<\/li>\n<\/ul>\n\n<p>Sie k\u00f6nnen diese Rechte per Post aus\u00fcben bei <strong>DPO von FC Solutions - Chemin du Foron 16, 1226 Th\u00f4nex, Genf, Schweiz<\/strong> oder per E-Mail an <strong>info@fcsolutions.ch<\/strong>.<\/p>\n\t\t\t\t\t\t\t\t<\/div>\n\t\t\t\t<\/div>\n\t\t\t\t\t<\/div>\n\t\t\t\t<\/div>\n\t\t\t\t<\/div>","protected":false},"excerpt":{"rendered":"<p>Protection des donn\u00e9es personnelles Contactez-nous La r\u00e9glementation suisse relative \u00e0 la protection des donn\u00e9es \u00e0 caract\u00e8re personnel conna\u00eet une \u00e9volution majeure qui a donn\u00e9 lieu au R\u00e8glement G\u00e9n\u00e9ral \u00e0 la Nouvelle Loi sur la Protection des Donn\u00e9es \u00ab nLPD \u00bb du 1er septembre 2023. Notre soci\u00e9t\u00e9, soucieuse de respecter les r\u00e9glementations capables d\u2019am\u00e9liorer les relations [&hellip;]<\/p>\n","protected":false},"author":4,"featured_media":0,"parent":0,"menu_order":0,"comment_status":"closed","ping_status":"closed","template":"","meta":{"footnotes":""},"class_list":["post-340","page","type-page","status-publish","hentry"],"yoast_head":"<!-- This site is optimized with the Yoast SEO plugin v28.0 - https:\/\/yoast.com\/product\/yoast-seo-wordpress\/ -->\n<title>Protection des donn\u00e9es personnelles - FC Solutions S\u00e0rl<\/title>\n<meta name=\"robots\" content=\"index, follow, max-snippet:-1, max-image-preview:large, max-video-preview:-1\" \/>\n<link rel=\"canonical\" href=\"https:\/\/fcsolutions.ch\/de\/nlpd\/\" \/>\n<meta property=\"og:locale\" content=\"de_DE\" \/>\n<meta property=\"og:type\" content=\"article\" \/>\n<meta property=\"og:title\" content=\"Protection des donn\u00e9es personnelles - FC Solutions S\u00e0rl\" \/>\n<meta property=\"og:description\" content=\"Protection des donn\u00e9es personnelles Contactez-nous La r\u00e9glementation suisse relative \u00e0 la protection des donn\u00e9es \u00e0 caract\u00e8re personnel conna\u00eet une \u00e9volution majeure qui a donn\u00e9 lieu au R\u00e8glement G\u00e9n\u00e9ral \u00e0 la Nouvelle Loi sur la Protection des Donn\u00e9es \u00ab nLPD \u00bb du 1er septembre 2023. Notre soci\u00e9t\u00e9, soucieuse de respecter les r\u00e9glementations capables d\u2019am\u00e9liorer les relations [&hellip;]\" \/>\n<meta property=\"og:url\" content=\"https:\/\/fcsolutions.ch\/de\/nlpd\/\" \/>\n<meta property=\"og:site_name\" content=\"FC Solutions S\u00e0rl\" \/>\n<meta property=\"article:modified_time\" content=\"2025-05-30T09:45:09+00:00\" \/>\n<meta name=\"twitter:card\" content=\"summary_large_image\" \/>\n<meta name=\"twitter:label1\" content=\"Gesch\u00e4tzte Lesezeit\" \/>\n\t<meta name=\"twitter:data1\" content=\"4\u00a0Minuten\" \/>\n<script type=\"application\/ld+json\" class=\"yoast-schema-graph\">{\"@context\":\"https:\\\/\\\/schema.org\",\"@graph\":[{\"@type\":\"WebPage\",\"@id\":\"https:\\\/\\\/fcsolutions.ch\\\/nlpd\\\/\",\"url\":\"https:\\\/\\\/fcsolutions.ch\\\/nlpd\\\/\",\"name\":\"Protection des donn\u00e9es personnelles - FC Solutions S\u00e0rl\",\"isPartOf\":{\"@id\":\"https:\\\/\\\/fcsolutions.ch\\\/#website\"},\"datePublished\":\"2025-04-16T09:42:57+00:00\",\"dateModified\":\"2025-05-30T09:45:09+00:00\",\"breadcrumb\":{\"@id\":\"https:\\\/\\\/fcsolutions.ch\\\/nlpd\\\/#breadcrumb\"},\"inLanguage\":\"de\",\"potentialAction\":[{\"@type\":\"ReadAction\",\"target\":[\"https:\\\/\\\/fcsolutions.ch\\\/nlpd\\\/\"]}]},{\"@type\":\"BreadcrumbList\",\"@id\":\"https:\\\/\\\/fcsolutions.ch\\\/nlpd\\\/#breadcrumb\",\"itemListElement\":[{\"@type\":\"ListItem\",\"position\":1,\"name\":\"Accueil\",\"item\":\"https:\\\/\\\/fcsolutions.ch\\\/\"},{\"@type\":\"ListItem\",\"position\":2,\"name\":\"Protection des donn\u00e9es personnelles\"}]},{\"@type\":\"WebSite\",\"@id\":\"https:\\\/\\\/fcsolutions.ch\\\/#website\",\"url\":\"https:\\\/\\\/fcsolutions.ch\\\/\",\"name\":\"FC Solutions S\u00e0rl\",\"description\":\"\",\"publisher\":{\"@id\":\"https:\\\/\\\/fcsolutions.ch\\\/#organization\"},\"potentialAction\":[{\"@type\":\"SearchAction\",\"target\":{\"@type\":\"EntryPoint\",\"urlTemplate\":\"https:\\\/\\\/fcsolutions.ch\\\/?s={search_term_string}\"},\"query-input\":{\"@type\":\"PropertyValueSpecification\",\"valueRequired\":true,\"valueName\":\"search_term_string\"}}],\"inLanguage\":\"de\"},{\"@type\":\"Organization\",\"@id\":\"https:\\\/\\\/fcsolutions.ch\\\/#organization\",\"name\":\"FC Solutions S\u00e0rl\",\"url\":\"https:\\\/\\\/fcsolutions.ch\\\/\",\"logo\":{\"@type\":\"ImageObject\",\"inLanguage\":\"de\",\"@id\":\"https:\\\/\\\/fcsolutions.ch\\\/#\\\/schema\\\/logo\\\/image\\\/\",\"url\":\"https:\\\/\\\/fcsolutions.ch\\\/wp-content\\\/uploads\\\/2025\\\/04\\\/foodconcepts_logo.svg\",\"contentUrl\":\"https:\\\/\\\/fcsolutions.ch\\\/wp-content\\\/uploads\\\/2025\\\/04\\\/foodconcepts_logo.svg\",\"caption\":\"FC Solutions S\u00e0rl\"},\"image\":{\"@id\":\"https:\\\/\\\/fcsolutions.ch\\\/#\\\/schema\\\/logo\\\/image\\\/\"}}]}<\/script>\n<!-- \/ Yoast SEO plugin. -->","yoast_head_json":{"title":"Schutz pers\u00f6nlicher Daten - FC Solutions S\u00e0rl","robots":{"index":"index","follow":"follow","max-snippet":"max-snippet:-1","max-image-preview":"max-image-preview:large","max-video-preview":"max-video-preview:-1"},"canonical":"https:\/\/fcsolutions.ch\/de\/nlpd\/","og_locale":"de_DE","og_type":"article","og_title":"Protection des donn\u00e9es personnelles - FC Solutions S\u00e0rl","og_description":"Protection des donn\u00e9es personnelles Contactez-nous La r\u00e9glementation suisse relative \u00e0 la protection des donn\u00e9es \u00e0 caract\u00e8re personnel conna\u00eet une \u00e9volution majeure qui a donn\u00e9 lieu au R\u00e8glement G\u00e9n\u00e9ral \u00e0 la Nouvelle Loi sur la Protection des Donn\u00e9es \u00ab nLPD \u00bb du 1er septembre 2023. Notre soci\u00e9t\u00e9, soucieuse de respecter les r\u00e9glementations capables d\u2019am\u00e9liorer les relations [&hellip;]","og_url":"https:\/\/fcsolutions.ch\/de\/nlpd\/","og_site_name":"FC Solutions S\u00e0rl","article_modified_time":"2025-05-30T09:45:09+00:00","twitter_card":"summary_large_image","twitter_misc":{"Gesch\u00e4tzte Lesezeit":"4\u00a0Minuten"},"schema":{"@context":"https:\/\/schema.org","@graph":[{"@type":"WebPage","@id":"https:\/\/fcsolutions.ch\/nlpd\/","url":"https:\/\/fcsolutions.ch\/nlpd\/","name":"Schutz pers\u00f6nlicher Daten - FC Solutions S\u00e0rl","isPartOf":{"@id":"https:\/\/fcsolutions.ch\/#website"},"datePublished":"2025-04-16T09:42:57+00:00","dateModified":"2025-05-30T09:45:09+00:00","breadcrumb":{"@id":"https:\/\/fcsolutions.ch\/nlpd\/#breadcrumb"},"inLanguage":"de","potentialAction":[{"@type":"ReadAction","target":["https:\/\/fcsolutions.ch\/nlpd\/"]}]},{"@type":"BreadcrumbList","@id":"https:\/\/fcsolutions.ch\/nlpd\/#breadcrumb","itemListElement":[{"@type":"ListItem","position":1,"name":"Accueil","item":"https:\/\/fcsolutions.ch\/"},{"@type":"ListItem","position":2,"name":"Protection des donn\u00e9es personnelles"}]},{"@type":"WebSite","@id":"https:\/\/fcsolutions.ch\/#website","url":"https:\/\/fcsolutions.ch\/","name":"FC Solutions S\u00e0rl","description":"","publisher":{"@id":"https:\/\/fcsolutions.ch\/#organization"},"potentialAction":[{"@type":"SearchAction","target":{"@type":"EntryPoint","urlTemplate":"https:\/\/fcsolutions.ch\/?s={search_term_string}"},"query-input":{"@type":"PropertyValueSpecification","valueRequired":true,"valueName":"search_term_string"}}],"inLanguage":"de"},{"@type":"Organization","@id":"https:\/\/fcsolutions.ch\/#organization","name":"FC Solutions S\u00e0rl","url":"https:\/\/fcsolutions.ch\/","logo":{"@type":"ImageObject","inLanguage":"de","@id":"https:\/\/fcsolutions.ch\/#\/schema\/logo\/image\/","url":"https:\/\/fcsolutions.ch\/wp-content\/uploads\/2025\/04\/foodconcepts_logo.svg","contentUrl":"https:\/\/fcsolutions.ch\/wp-content\/uploads\/2025\/04\/foodconcepts_logo.svg","caption":"FC Solutions S\u00e0rl"},"image":{"@id":"https:\/\/fcsolutions.ch\/#\/schema\/logo\/image\/"}}]}},"_links":{"self":[{"href":"https:\/\/fcsolutions.ch\/de\/wp-json\/wp\/v2\/pages\/340","targetHints":{"allow":["GET"]}}],"collection":[{"href":"https:\/\/fcsolutions.ch\/de\/wp-json\/wp\/v2\/pages"}],"about":[{"href":"https:\/\/fcsolutions.ch\/de\/wp-json\/wp\/v2\/types\/page"}],"author":[{"embeddable":true,"href":"https:\/\/fcsolutions.ch\/de\/wp-json\/wp\/v2\/users\/4"}],"replies":[{"embeddable":true,"href":"https:\/\/fcsolutions.ch\/de\/wp-json\/wp\/v2\/comments?post=340"}],"version-history":[{"count":4,"href":"https:\/\/fcsolutions.ch\/de\/wp-json\/wp\/v2\/pages\/340\/revisions"}],"predecessor-version":[{"id":1427,"href":"https:\/\/fcsolutions.ch\/de\/wp-json\/wp\/v2\/pages\/340\/revisions\/1427"}],"wp:attachment":[{"href":"https:\/\/fcsolutions.ch\/de\/wp-json\/wp\/v2\/media?parent=340"}],"curies":[{"name":"wp","href":"https:\/\/api.w.org\/{rel}","templated":true}]}}